{"id":20410,"date":"2025-11-20T11:08:28","date_gmt":"2025-11-20T09:08:28","guid":{"rendered":"https:\/\/vnb.lt\/?post_type=tribe_events&#038;p=20410"},"modified":"2025-11-20T11:08:28","modified_gmt":"2025-11-20T09:08:28","slug":"susitikimas-su-paredzymu-kurejais","status":"publish","type":"tribe_events","link":"https:\/\/vnb.lt\/en\/renginys\/susitikimas-su-paredzymu-kurejais\/","title":{"rendered":"Susitikimas su PAR\u0116DZYM\u0172 K\u016aR\u0116JAIS"},"content":{"rendered":"<p>Besibaigiant metams, o kartu ir m\u016bs\u0173 antrajam dideliam projektui, kvie\u010diame \u012f dviej\u0173 dali\u0173 rengin\u012f \u2013 kartu pasid\u017eiaugsime \u0161i\u0173 met\u0173 \u201ederliumi\u201c, pasidalinsime m\u016bs\u0173 veikl\u0173 u\u017ekulisiais, papasakosime, kaip sek\u0117si \u012fgyvendinti visus \u0161i\u0173me\u010dius u\u017emojus ir kviesime klausytis aktualios ir svarbios diskusijos su kviestiniais sve\u010diais \u200b\u200b\u201ePalikti verta karpyti. Kur d\u0117tum kablel\u012f?\u201c bei dalyvauti jos filmavime! \ud83c\udfa5<br \/>\nLabai nekantraujame pamatyti jus \u2013 \u201ePar\u0117dzym\u0173\u201c bendruomen\u0119! \ud83e\udd17 Taip taip, m\u016bs\u0173 pagrindin\u0117 veikla yra film\u0173 k\u016brimas, audini\u0173 fotosesijos ir to, k\u0105 suk\u016br\u0117m, vie\u0161inimas, pasakojimas apie tai, k\u0105 fiksuojam. O visus filmus bei fotopasakojimus dovanojame m\u016bs\u0173 platform\u0105 sekantiems, audimu ir tradiciniais ra\u0161tais besidomintiems \u017emon\u0117ms. J\u016bs nuolat stebit mus ir m\u016bs\u0173 veiklas, o mes neturim progos j\u016bs\u0173 pamatyt, pa\u017eint ir i\u0161girst. Taigi \u0161is susitikimas \u2013 puiki tam proga. \ud83e\udd70 Laukiame kiekvieno i\u0161 j\u016bs\u0173!<\/p>\n<p>\ud835\udfcf-\ud835\udc28\ud835\udc23\ud835\udc22 \ud835\udc2b\ud835\udc1e\ud835\udc27\ud835\udc20\ud835\udc22\ud835\udc27\ud835\udc28 \ud835\udc1d\ud835\udc1a\ud835\udc25\ud835\udc22\ud835\udc2c<br \/>\n\ud83d\udd34 \ud835\udc12\ud835\udc2e\ud835\udc2c\ud835\udc22\ud835\udc2d\ud835\udc22\ud835\udc24\ud835\udc22\ud835\udc26\ud835\udc1a\ud835\udc2c \ud835\udc2c\ud835\udc2e \u201e\ud835\udc0f\ud835\udc1a\ud835\udc2b\ud835\udc1e\u0307\ud835\udc1d\ud835\udc33\ud835\udc32\ud835\udc26\ud835\udc2e\u0328\u201c \ud835\udc24\ud835\udc2e\u0304\ud835\udc2b\ud835\udc1e\u0307\ud835\udc23\ud835\udc1a\ud835\udc22\ud835\udc2c<br \/>\n\ud83e\udd32\ud83c\udffb Pasidalinsime ir nuotraukomis, ir pasakojimais, ir audini\u0173 atsive\u0161ime. Kvie\u010diame ir jus atsine\u0161ti ir savo turim\u0173 rank\u0173 darbo audini\u0173 \u2013 b\u016bt\u0173 smagu juos ne tik pamatyti, bet ir i\u0161girsti, kas juos i\u0161aud\u0117. Kartu pasid\u017eiaugsime tuo ne\u012fkainojamu rank\u0173 darbu, \u0161eimos palikimu. \ud83e\udef6\ud83c\udffb<br \/>\nIki pat 2025 m. pabaigos \u012fgyvendiname nema\u017eos apimties projekt\u0105, skirt\u0105 \u0161ilini\u0173 dz\u016bk\u0173 audimo tradicijai. \ud83d\udcaa\ud83c\udffb Deja, spar\u010diai tu\u0161t\u0117jant kaimams, \u0161i\u0105 tradicij\u0105 baigiame prarasti, o \u0161imtme\u010dius kauptai \u017eini\u0173 bazei gresia i\u0161nykimas. Taigi, platform\u0105 \u201ePar\u0117dzymai\u201c ir suk\u016br\u0117me tam, kad dz\u016bki\u0173 aud\u0117j\u0173 puosel\u0117ti ra\u0161tai ir audimo technika nei\u0161nykt\u0173 u\u017emar\u0161tyje, o surast\u0173 savo viet\u0105 m\u016bs\u0173 vis\u0173 kasdienyb\u0117je.<\/p>\n<p>\ud835\udc0f\ud835\udc1e\ud835\udc2b \ud835\udc2c\u030c\ud835\udc22\ud835\udc2e\ud835\udc28\ud835\udc2c \ud835\udc26\ud835\udc1e\ud835\udc2d\ud835\udc2e\ud835\udc2c:<br \/>\n\ud83d\ude4c\ud83c\udffb \ud83d\udc75\ud83c\udffb \u012eam\u017einome 6 \u0161il\u0173 dz\u016bk\u0173 kaim\u0173 aud\u0117jas \u2013 i\u0161 t\u0173 susitikim\u0173 gim\u0117 10 dokumentini\u0173 film\u0173. Juose moterys pasakoja apie audim\u0105 ir rodo, komentuoja savo per gyvenim\u0105 i\u0161austus audinius. Filmus pama\u017eu skelbiame savo YouTube kanale.<br \/>\n\ud83d\ude4c\ud83c\udffb \ud83c\udf9e Suk\u016br\u0117me dokumentin\u012f film\u0105 \u201e\u0160e tau, boba, ir Devincinis! Altor\u0117li\u0173 r\u0117dzymo tradicija Rudnios parapijon\u201c.<br \/>\n\ud83d\ude4c\ud83c\udffb \ud83d\udcfd Dar vienas didelis darbas \u2013 6 mokom\u0173j\u0173 film\u0173 ciklas, kuriame mokoma austi a\u0161tuoniany\u010dius divonus (supa\u017eindinta su 3 ir 4 dali\u0173 ra\u0161tais).<br \/>\n\ud83d\ude4c\ud83c\udffb \ud83d\udcf7 Daug d\u0117mesio skyr\u0117me \u0161il\u0173 dz\u016bk\u0173 kaim\u0173 auksaranki\u0173 i\u0161aust\u0173 audini\u0173 fotografavimui. Auk\u0161\u010diausia kokybe \u012fam\u017einame divonus, abr\u016bsus, takus bei kitus audinius, o nuotraukomis nuolat dalinam\u0117s savo socialiniuose tinkluose.<\/p>\n<p>\ud835\udfd0-\ud835\udc28\ud835\udc23\ud835\udc22 \ud835\udc2b\ud835\udc1e\ud835\udc27\ud835\udc20\ud835\udc22\ud835\udc27\ud835\udc28 \ud835\udc1d\ud835\udc1a\ud835\udc25\ud835\udc22\ud835\udc2c<br \/>\n\ud83d\udd34 \ud835\udc03\ud835\udc22\ud835\udc2c\ud835\udc24\ud835\udc2e\ud835\udc2c\ud835\udc22\ud835\udc23\ud835\udc1a \u200b\u200b\u201e\ud835\udc0f\ud835\udc1a\ud835\udc25\ud835\udc22\ud835\udc24\ud835\udc2d\ud835\udc22 \ud835\udc2f\ud835\udc1e\ud835\udc2b\ud835\udc2d\ud835\udc1a \ud835\udc24\ud835\udc1a\ud835\udc2b\ud835\udc29\ud835\udc32\ud835\udc2d\ud835\udc22. \ud835\udc0a\ud835\udc2e\ud835\udc2b \ud835\udc1d\ud835\udc1e\u0307\ud835\udc2d\ud835\udc2e\ud835\udc26 \ud835\udc24\ud835\udc1a\ud835\udc1b\ud835\udc25\ud835\udc1e\ud835\udc25\ud835\udc22\u0328?\u201c<br \/>\nPo trumpos pertrauk\u0117l\u0117s antr\u0105j\u0105 vakaro su \u201ePar\u0117dzymais\u201c dal\u012f skirsime diskusijai, kurios temai, m\u016bs\u0173 manymu, dabar privalome skirti d\u0117mesio. \ud83e\udd13 Atsi\u017evelgdami \u012f vis populiar\u0117jant\u012f autenti\u0161k\u0173 audini\u0173 (lovatiesi\u0173, rank\u0161luos\u010di\u0173 ir kt.) antrin\u012f panaudojim\u0105 profesionalioje bei m\u0117g\u0117ji\u0161koje k\u016bryboje ir steb\u0117dami d\u0117l to vis da\u017eniau socialiniuose tinkluose kylan\u010dias konfliktines diskusijas, nutar\u0117me, kad reikia \u012fvairiapusi\u0161kai ap\u017evelgti sen\u0173j\u0173 audini\u0173 perdirbimo \u012f naujus objektus prie\u017eastis, gr\u0117smes, galimybes ir alternatyvas! \u2702\ufe0f<br \/>\nDiskusija suteiks gilesni\u0173 \u017eini\u0173 apie namudinius audinius, j\u0173 specifikas, vert\u0119, pad\u0117s geriau suprasti \u012fvairius po\u017ei\u016brius \u012f antrin\u012f j\u0173 panaudojim\u0105 ir tokios k\u016brybos vertinimus. Tikime, kad \u012fkv\u0117psime k\u016brybingiems ir pasvertiems sprendimams! \ud83d\ude0a<\/p>\n<p>\ud835\udc03\ud835\udc22\ud835\udc2c\ud835\udc24\ud835\udc2e\ud835\udc2c\ud835\udc22\ud835\udc23\ud835\udc28\ud835\udc2c \ud835\udc1d\ud835\udc1a\ud835\udc25\ud835\udc32\ud835\udc2f\ud835\udc22\ud835\udc1a\ud835\udc22:<br \/>\n\ud83d\udd3a \ud835\udc08\ud835\udc27\ud835\udc20\ud835\udc1a \ud835\udc12\ud835\udc24\ud835\udc2b\ud835\udc22\ud835\udc29\ud835\udc24\ud835\udc1a\ud835\udc22\ud835\udc2d\ud835\udc1e\u0307 \u2013 meninink\u0117, kostiumo dizainer\u0117, projekto \u201eMy historical grandma\u2019s mode of life\u201c autor\u0117. Pasidalins patirtimi kuriant kostiumus i\u0161 sen\u0173, rankomis aust\u0173 audini\u0173 (divon\u0173, abr\u016bs\u0173), tvarumo principais ir savo po\u017ei\u016briu \u012f sen\u0173j\u0173 audini\u0173 pritaikym\u0105 \u0161iuolaikiniame dizaine.<br \/>\n\ud83d\udd3a \ud835\udc09\ud835\udc28\ud835\udc25\ud835\udc1a\ud835\udc27\ud835\udc2d\ud835\udc1a \ud835\udc11\ud835\udc22\ud835\udc26\ud835\udc24\ud835\udc2e\ud835\udc2d\ud835\udc1e\u0307 \u2013 dailinink\u0117, stilist\u0117 ir kostiumo dizainer\u0117, prek\u0117s \u017eenklo \u201eLT Identity\u201c \u012fk\u016br\u0117ja ir savinink\u0117. Pasidalins patirtimi kuriant \u201eLT Identity\u201c: ie\u0161kojimais, vizijomis ir lietuvi\u0161ko identiteto apm\u0105stymu \u0161iuolaikin\u0117je madoje dirbant tiek su autenti\u0161kais, rank\u0173 darbo audiniais, tiek kuriant naujas interpretacijas.<br \/>\n\ud83d\udd3a \ud835\udc0c\ud835\udc22\ud835\udc25\ud835\udc1d\ud835\udc1a \ud835\udc15\ud835\udc1a\ud835\udc25\ud835\udc1a\ud835\udc27\ud835\udc1c\u030c\ud835\udc22\ud835\udc1a\ud835\udc2e\ud835\udc2c\ud835\udc24\ud835\udc22\ud835\udc1e\ud835\udc27\ud835\udc1e\u0307 \u2013 Lietuvos nacionalin\u0117s UNESCO komisijos sekretoriato kult\u016bros program\u0173 vadov\u0117, VU Istorijos fakulteto doktorant\u0117. Pasidalins savo, kaip nematerialaus kult\u016bros paveldo specialist\u0117s, dirban\u010dios paveldo pa\u017einimo ir aktualizavimo srityje, po\u017ei\u016briu \u012f sen\u0173j\u0173 audini\u0173 pritaikym\u0105 \u0161iuolaikiniame dizaine.<br \/>\n\ud83d\udd3a \ud835\udc11\ud835\udc1a\ud835\udc2c\ud835\udc1a \ud835\udc12\ud835\udc2d\ud835\udc1a\ud835\udc27\ud835\udc1e\ud835\udc2f\ud835\udc22\ud835\udc1c\u030c\ud835\udc22\ud835\udc2e\u0304\ud835\udc2d\ud835\udc1e\u0307 \u2013 istorik\u0117 ir etnolog\u0117, Alytaus kra\u0161totyros muziejaus Etnografijos-ikonografijos skyriaus ved\u0117ja, katalog\u0173 \u201eDz\u016bk\u0173 divonai\u201c ir \u201eDz\u016bk\u0173 abr\u016bs\u0117liai\u201c sudarytoja. Pasidalins savo, kaip muziejinink\u0117s, \u017einiomis ir po\u017ei\u016briu \u012f sen\u0173j\u0173 audini\u0173 antrin\u012f panaudojim\u0105 \u0161iuolaikin\u0117je k\u016bryboje, taip pat papasakos, kaip did\u017eiausias Dz\u016bkijoje muziejus renka senosios tekstil\u0117s pavyzd\u017eius, i\u0161 kur juos gauna bei kaip saugo.<br \/>\n\ud83d\udd3a \ud835\udc0c\ud835\udc22\ud835\udc27\ud835\udc1d\ud835\udc1a\ud835\udc2e\ud835\udc20\ud835\udc1a\ud835\udc2c \ud835\udc11\ud835\udc1a\ud835\udc2c\ud835\udc22\ud835\udc26\ud835\udc1a\ud835\udc2f\ud835\udc22\ud835\udc1c\u030c\ud835\udc22\ud835\udc2e\ud835\udc2c \u2013 aud\u0117jas, \u0161il\u0173 dz\u016bk\u0173 audimo tradicijos per\u0117m\u0117jas ir t\u0119s\u0117jas, \u201ePar\u0117dzym\u0173\u201c bendra\u012fk\u016br\u0117jas. Pasidalins savo patirtimi, papasakos, kiek valand\u0173 ir dien\u0173 darbo reikia \u012fvairiems audimo etapams, kiek vidutini\u0161kai tur\u0117t\u0173 kainuoti \u0161iandien naujai aud\u017eiami diminiai ar kiti tradiciniai audiniai, ap\u017evelgs audimo tradicijos b\u016bkl\u0119 \u0160il\u0173 Dz\u016bkijoje.<br \/>\n\ud83d\udd3b Diskusij\u0105 moderuos \ud835\udc11\ud835\udc1a\ud835\udc26\ud835\udc22\ud835\udc27\ud835\udc2d\ud835\udc1a \ud835\udc01\ud835\udc1e\ud835\udc2b\ud835\udc33\u030c\ud835\udc1a\ud835\udc27\ud835\udc2c\ud835\udc24\ud835\udc32\ud835\udc2d\ud835\udc1e\u0307 \u2013 dizainer\u0117, prek\u0117s \u017eenklo \u201eForests &amp; Meadows\u201c k\u016br\u0117ja, \u201ePar\u0117dzym\u0173\u201c bendra\u012fk\u016br\u0117ja.<br \/>\n\ud83d\udd3b Dalyvausiantys renginyje diskusijos pabaigoje taip pat gal\u0117s \u012fsitraukti u\u017eduodami klausimus ar pasidalindami savo \u012f\u017evalgomis.<\/p>\n<p>\ud83d\udd34 \ud83d\udd34 \ud83d\udd34 \ud83d\udd34 \ud83d\udd34<\/p>\n<p>\u2615 \u201eMiesto laboratorijoje\u201c veiks kavin\u0117, tad si\u016blome rinktis jau nuo 17.00, kad sp\u0117tum\u0117te pasirinkti staliuk\u0105, patogiai \u012fsitaisyti, o norintys \u2013 u\u017esisakyti g\u0117rim\u0173 ar ko kito.<br \/>\n\ud83d\udd70 Renginio prad\u017eia 17.30 val.<br \/>\n\ud83d\ude4c\ud83c\udffb \u012e\u0117jimas laisvas.<br \/>\n\ud83d\udcf7 Renginio metu bus fotografuojama ir filmuojama, o jam pasibaigus u\u017efiksuota med\u017eiaga skelbiama vie\u0161ai.<br \/>\n\ud83d\udc5b Projekt\u0105 \u201ePlatformos \u201ePar\u0117dzymai\u201c t\u0119stin\u0117 veikla: \u0161il\u0173 dz\u016bk\u0173 audimo tradicijos dokumentavimas ir aktualizavimas\u201c finansuoja Lietuvos kult\u016bros taryba ir Var\u0117nos r. savivaldyb\u0117.<br \/>\n\ud83e\udee3 Jei dabar tik pirm\u0105kart apie mus i\u0161girdote ir susidom\u0117jote, \ud835\udc24\ud835\udc2f\ud835\udc22\ud835\udc1e\ud835\udc1c\u030c\ud835\udc22\ud835\udc1a\ud835\udc26\ud835\udc1e \ud835\udc2c\ud835\udc1e\ud835\udc24\ud835\udc2d\ud835\udc22 \u201e\ud835\udc0f\ud835\udc1a\ud835\udc2b\ud835\udc1e\u0307\ud835\udc1d\ud835\udc33\ud835\udc32\ud835\udc26\ud835\udc2e\ud835\udc2c\u201c ir nepraleisti m\u016bs\u0173 rengiam\u0173 pasakojim\u0173 apie dz\u016bk\u0173 audimo tradicij\u0105 ir tradicinius audinius:<br \/>\nFacebook: https:\/\/www.facebook.com\/dzuku.divonai<br \/>\nInstagram: https:\/\/www.instagram.com\/paredzymai\/<br \/>\nYouTube: https:\/\/www.youtube.com\/@paredzymai6516<\/p>","protected":false},"excerpt":{"rendered":"<p>Besibaigiant metams, o kartu ir m\u016bs\u0173 antrajam dideliam projektui, kvie\u010diame \u012f dviej\u0173 dali\u0173 rengin\u012f \u2013 kartu pasid\u017eiaugsime \u0161i\u0173 met\u0173 \u201ederliumi\u201c, pasidalinsime m\u016bs\u0173 veikl\u0173 u\u017ekulisiais, papasakosime, kaip sek\u0117si \u012fgyvendinti visus \u0161i\u0173me\u010dius [&hellip;]<\/p>\n","protected":false},"author":25,"featured_media":20412,"template":"","meta":{"site-sidebar-layout":"default","site-content-layout":"","ast-site-content-layout":"default","site-content-style":"default","site-sidebar-style":"default","ast-global-header-display":"","ast-banner-title-visibility":"","ast-main-header-display":"","ast-hfb-above-header-display":"","ast-hfb-below-header-display":"","ast-hfb-mobile-header-display":"","site-post-title":"","ast-breadcrumbs-content":"","ast-featured-img":"","footer-sml-layout":"","ast-disable-related-posts":"","theme-transparent-header-meta":"","adv-header-id-meta":"","stick-header-meta":"","header-above-stick-meta":"","header-main-stick-meta":"","header-below-stick-meta":"","astra-migrate-meta-layouts":"default","ast-page-background-enabled":"default","ast-page-background-meta":{"desktop":{"background-color":"var(--ast-global-color-5)","background-image":"","background-repeat":"repeat","background-position":"center center","background-size":"auto","background-attachment":"scroll","background-type":"","background-media":"","overlay-type":"","overlay-color":"","overlay-opacity":"","overlay-gradient":""},"tablet":{"background-color":"","background-image":"","background-repeat":"repeat","background-position":"center center","background-size":"auto","background-attachment":"scroll","background-type":"","background-media":"","overlay-type":"","overlay-color":"","overlay-opacity":"","overlay-gradient":""},"mobile":{"background-color":"","background-image":"","background-repeat":"repeat","background-position":"center center","background-size":"auto","background-attachment":"scroll","background-type":"","background-media":"","overlay-type":"","overlay-color":"","overlay-opacity":"","overlay-gradient":""}},"ast-content-background-meta":{"desktop":{"background-color":"var(--ast-global-color-4)","background-image":"","background-repeat":"repeat","background-position":"center center","background-size":"auto","background-attachment":"scroll","background-type":"","background-media":"","overlay-type":"","overlay-color":"","overlay-opacity":"","overlay-gradient":""},"tablet":{"background-color":"var(--ast-global-color-4)","background-image":"","background-repeat":"repeat","background-position":"center center","background-size":"auto","background-attachment":"scroll","background-type":"","background-media":"","overlay-type":"","overlay-color":"","overlay-opacity":"","overlay-gradient":""},"mobile":{"background-color":"var(--ast-global-color-4)","background-image":"","background-repeat":"repeat","background-position":"center center","background-size":"auto","background-attachment":"scroll","background-type":"","background-media":"","overlay-type":"","overlay-color":"","overlay-opacity":"","overlay-gradient":""}},"_tribe_events_status":"","_tribe_events_status_reason":"","_tribe_events_is_hybrid":"","_tribe_events_is_virtual":"","_tribe_events_virtual_video_source":"","_tribe_events_virtual_embed_video":"","_tribe_events_virtual_linked_button_text":"","_tribe_events_virtual_linked_button":"","_tribe_events_virtual_show_embed_at":"","_tribe_events_virtual_show_embed_to":[],"_tribe_events_virtual_show_on_event":"","_tribe_events_virtual_show_on_views":"","_tribe_events_virtual_url":"","footnotes":""},"tags":[],"tribe_events_cat":[89],"class_list":["post-20410","tribe_events","type-tribe_events","status-publish","has-post-thumbnail","hentry","tribe_events_cat-kita","cat_kita"],"_links":{"self":[{"href":"https:\/\/vnb.lt\/en\/wp-json\/wp\/v2\/tribe_events\/20410","targetHints":{"allow":["GET"]}}],"collection":[{"href":"https:\/\/vnb.lt\/en\/wp-json\/wp\/v2\/tribe_events"}],"about":[{"href":"https:\/\/vnb.lt\/en\/wp-json\/wp\/v2\/types\/tribe_events"}],"author":[{"embeddable":true,"href":"https:\/\/vnb.lt\/en\/wp-json\/wp\/v2\/users\/25"}],"version-history":[{"count":1,"href":"https:\/\/vnb.lt\/en\/wp-json\/wp\/v2\/tribe_events\/20410\/revisions"}],"predecessor-version":[{"id":20411,"href":"https:\/\/vnb.lt\/en\/wp-json\/wp\/v2\/tribe_events\/20410\/revisions\/20411"}],"wp:featuredmedia":[{"embeddable":true,"href":"https:\/\/vnb.lt\/en\/wp-json\/wp\/v2\/media\/20412"}],"wp:attachment":[{"href":"https:\/\/vnb.lt\/en\/wp-json\/wp\/v2\/media?parent=20410"}],"wp:term":[{"taxonomy":"post_tag","embeddable":true,"href":"https:\/\/vnb.lt\/en\/wp-json\/wp\/v2\/tags?post=20410"},{"taxonomy":"tribe_events_cat","embeddable":true,"href":"https:\/\/vnb.lt\/en\/wp-json\/wp\/v2\/tribe_events_cat?post=20410"}],"curies":[{"name":"wp","href":"https:\/\/api.w.org\/{rel}","templated":true}]}}